{"id":25959012,"date":"2024-09-30T13:27:15","date_gmt":"2024-09-30T13:27:15","guid":{"rendered":"https:\/\/punto-f.com\/?post_type=project&#038;p=25959012"},"modified":"2024-12-19T12:11:20","modified_gmt":"2024-12-19T12:11:20","slug":"interpretariato-traduzione-matrimonio-italiano-inglese-olandese","status":"publish","type":"project","link":"https:\/\/www.punto-f.com\/it\/project\/interpretariato-traduzione-matrimonio-italiano-inglese-olandese\/","title":{"rendered":"Interpretariato e traduzione di matrimonio multilingue italiano, inglese, olandese: da Serena e Patrick a The Petersons"},"content":{"rendered":"<p>[et_pb_section fb_built=&#8221;1&#8243; _builder_version=&#8221;4.23.3&#8243; _module_preset=&#8221;default&#8221; background_color=&#8221;#FFFFFF&#8221; custom_margin=&#8221;||||false|false&#8221; custom_padding=&#8221;40px||0px||false|false&#8221; global_colors_info=&#8221;{}&#8221;][et_pb_row _builder_version=&#8221;4.23.3&#8243; _module_preset=&#8221;default&#8221; global_colors_info=&#8221;{}&#8221;][et_pb_column type=&#8221;4_4&#8243; _builder_version=&#8221;4.23.3&#8243; _module_preset=&#8221;default&#8221; global_colors_info=&#8221;{}&#8221;][et_pb_heading title=&#8221;@ET-DC@eyJkeW5hbWljIjp0cnVlLCJjb250ZW50IjoicG9zdF90aXRsZSIsInNldHRpbmdzIjp7ImJlZm9yZSI6IiIsImFmdGVyIjoiIn19@&#8221; _builder_version=&#8221;4.23.3&#8243; _dynamic_attributes=&#8221;title&#8221; _module_preset=&#8221;default&#8221; title_text_align=&#8221;center&#8221; title_font_size_tablet=&#8221;&#8221; title_font_size_phone=&#8221;30px&#8221; title_font_size_last_edited=&#8221;on|phone&#8221; global_colors_info=&#8221;{}&#8221;][\/et_pb_heading][dipi_breadcrumbs bc_home_icon=&#8221;on&#8221; bc_separator_icon=&#8221;&#x39;||divi||400&#8243; bc_items_alignment=&#8221;dipi-bc-center&#8221; bc_post_type=&#8221;page&#8221; bc_is_post_type_root=&#8221;on&#8221; bc_post_type_root=&#8221;\/home&#8221; bc_separator_color=&#8221;#3F4955&#8243; _builder_version=&#8221;4.23.3&#8243; _module_preset=&#8221;default&#8221; items_text_color=&#8221;#3F4955&#8243; active_text_color=&#8221;#CCCCCC&#8221; position_origin_a=&#8221;bottom_right&#8221; position_origin_r=&#8221;bottom_right&#8221; width=&#8221;100%&#8221; module_alignment=&#8221;center&#8221; custom_margin=&#8221;||||false|false&#8221; custom_padding=&#8221;||||false|false&#8221; global_colors_info=&#8221;{}&#8221;][\/dipi_breadcrumbs][\/et_pb_column][\/et_pb_row][et_pb_row column_structure=&#8221;1_2,1_2&#8243; make_equal=&#8221;on&#8221; _builder_version=&#8221;4.23.3&#8243; _module_preset=&#8221;default&#8221; global_colors_info=&#8221;{}&#8221;][et_pb_column type=&#8221;1_2&#8243; _builder_version=&#8221;4.23.3&#8243; _module_preset=&#8221;default&#8221; custom_css_main_element=&#8221;margin:auto;&#8221; global_colors_info=&#8221;{}&#8221;][et_pb_text _builder_version=&#8221;4.23.3&#8243; _module_preset=&#8221;default&#8221; custom_margin=&#8221;||0px||false|false&#8221; custom_padding=&#8221;||16px||false|false&#8221; header_2_text_align_tablet=&#8221;&#8221; header_2_text_align_phone=&#8221;center&#8221; header_2_text_align_last_edited=&#8221;on|phone&#8221; header_2_font_size_tablet=&#8221;&#8221; header_2_font_size_phone=&#8221;26px&#8221; header_2_font_size_last_edited=&#8221;on|phone&#8221; header_2_line_height_tablet=&#8221;&#8221; header_2_line_height_phone=&#8221;1em&#8221; header_2_line_height_last_edited=&#8221;on|phone&#8221; global_colors_info=&#8221;{}&#8221;]<\/p>\n<h2>Quando l\u2019Italia incontra l\u2019Olanda, facendo il giro del mondo<\/h2>\n<p>[\/et_pb_text][et_pb_text _builder_version=&#8221;4.23.3&#8243; _module_preset=&#8221;default&#8221; custom_margin=&#8221;||30px|||&#8221; custom_padding=&#8221;||16px||false|false&#8221; header_2_text_align_tablet=&#8221;&#8221; header_2_text_align_phone=&#8221;center&#8221; header_2_text_align_last_edited=&#8221;on|phone&#8221; header_2_font_size_tablet=&#8221;&#8221; header_2_font_size_phone=&#8221;26px&#8221; header_2_font_size_last_edited=&#8221;on|phone&#8221; header_2_line_height_tablet=&#8221;&#8221; header_2_line_height_phone=&#8221;1em&#8221; header_2_line_height_last_edited=&#8221;on|phone&#8221; global_colors_info=&#8221;{}&#8221;]<\/p>\n<p>Serena era una mia follower e io una sua: ci seguivamo su Instagram e quando ho visto che si era fidanzata con Patrick, ho sognato per un attimo di essere <strong>l\u2019interprete del loro matrimonio italo-olandese<\/strong>.<\/p>\n<p>Questa \u00e8 la storia di come questo sogno si \u00e8 realizzato.<\/p>\n<p>[\/et_pb_text][\/et_pb_column][et_pb_column type=&#8221;1_2&#8243; _builder_version=&#8221;4.23.3&#8243; _module_preset=&#8221;default&#8221; global_colors_info=&#8221;{}&#8221;][dipi_parallax_images _builder_version=&#8221;4.23.3&#8243; _module_preset=&#8221;default&#8221; width=&#8221;74%&#8221; module_alignment=&#8221;center&#8221; custom_margin_tablet=&#8221;&#8221; custom_margin_phone=&#8221;||||false|false&#8221; custom_margin_last_edited=&#8221;on|phone&#8221; custom_padding_tablet=&#8221;&#8221; custom_padding_phone=&#8221;||30px||false|false&#8221; custom_padding_last_edited=&#8221;on|phone&#8221; global_colors_info=&#8221;{}&#8221;][dipi_parallax_images_item content_type=&#8221;Text&#8221; text_content=&#8221;<\/p>\n<p>Yes, I do.<br \/>Ja, ik doe.<\/p>\n<p>&#8221; position_x=&#8221;4.8%&#8221; position_y=&#8221;2.9%&#8221; position_x_tablet=&#8221;120%&#8221; position_x_phone=&#8221;0.3%&#8221; position_x_last_edited=&#8221;on|phone&#8221; position_y_tablet=&#8221;2.9%&#8221; position_y_phone=&#8221;-14.6%&#8221; position_y_last_edited=&#8221;on|phone&#8221; _builder_version=&#8221;4.23.3&#8243; _module_preset=&#8221;default&#8221; module_font=&#8221;Gratitude F||||||||&#8221; module_text_align=&#8221;right&#8221; module_text_color=&#8221;#57696B&#8221; module_font_size=&#8221;49px&#8221; module_line_height=&#8221;1em&#8221; z_index=&#8221;800&#8243; text_orientation=&#8221;center&#8221; global_colors_info=&#8221;{}&#8221;][\/dipi_parallax_images_item][dipi_parallax_images_item content_type=&#8221;Text&#8221; text_content=&#8221;<\/p>\n<p>S\u00ec, lo voglio<\/p>\n<p>&#8221; position_x=&#8221;0.7%&#8221; position_y=&#8221;83.4%&#8221; position_x_tablet=&#8221;120%&#8221; position_x_phone=&#8221;39.5%&#8221; position_x_last_edited=&#8221;on|phone&#8221; position_y_tablet=&#8221;83.4%&#8221; position_y_phone=&#8221;100%&#8221; position_y_last_edited=&#8221;on|phone&#8221; _builder_version=&#8221;4.23.3&#8243; _module_preset=&#8221;default&#8221; module_font=&#8221;Gratitude F||||||||&#8221; module_text_align=&#8221;right&#8221; module_text_color=&#8221;#57696B&#8221; module_font_size=&#8221;49px&#8221; module_line_height=&#8221;1em&#8221; z_index=&#8221;800&#8243; text_orientation=&#8221;center&#8221; module_text_color_tablet=&#8221;#57696B&#8221; module_text_color_phone=&#8221;#F1F3F3&#8243; module_text_color_last_edited=&#8221;on|phone&#8221; global_colors_info=&#8221;{}&#8221;][\/dipi_parallax_images_item][dipi_parallax_images_item image=&#8221;https:\/\/punto-f.com\/wp-content\/uploads\/2024\/09\/francesca-manicardi-interpretariato-petersons.jpg&#8221; depth_x=&#8221;0.26&#8243; position_x=&#8221;50.9%&#8221; _builder_version=&#8221;4.23.3&#8243; _module_preset=&#8221;default&#8221; text_orientation=&#8221;left&#8221; width=&#8221;85%&#8221; module_alignment=&#8221;center&#8221; global_colors_info=&#8221;{}&#8221;][\/dipi_parallax_images_item][dipi_parallax_images_item image=&#8221;https:\/\/punto-f.com\/wp-content\/uploads\/2024\/09\/francesca-manicardi-interpretariato-petersons-2.jpg&#8221; position_y=&#8221;21.6%&#8221; _builder_version=&#8221;4.23.3&#8243; _module_preset=&#8221;default&#8221; z_index=&#8221;149&#8243; global_colors_info=&#8221;{}&#8221;][\/dipi_parallax_images_item][\/dipi_parallax_images][\/et_pb_column][\/et_pb_row][\/et_pb_section][et_pb_section fb_built=&#8221;1&#8243; _builder_version=&#8221;4.23.3&#8243; _module_preset=&#8221;default&#8221; background_color=&#8221;#f1f3f3&#8243; background_enable_image=&#8221;off&#8221; custom_padding=&#8221;15px||20px|||&#8221; global_colors_info=&#8221;{}&#8221;][et_pb_row _builder_version=&#8221;4.23.3&#8243; _module_preset=&#8221;default&#8221; custom_padding=&#8221;||5px|||&#8221; global_colors_info=&#8221;{}&#8221;][et_pb_column type=&#8221;4_4&#8243; _builder_version=&#8221;4.23.3&#8243; _module_preset=&#8221;default&#8221; global_colors_info=&#8221;{}&#8221;][et_pb_text _builder_version=&#8221;4.23.3&#8243; _module_preset=&#8221;default&#8221; text_font=&#8221;||||||||&#8221; header_text_align=&#8221;center&#8221; header_2_text_align=&#8221;center&#8221; header_2_font_size_tablet=&#8221;&#8221; header_2_font_size_phone=&#8221;26px&#8221; header_2_font_size_last_edited=&#8221;on|phone&#8221; global_colors_info=&#8221;{}&#8221;]<\/p>\n<h2>Il lavoro fatto insieme<\/h2>\n<p>[\/et_pb_text][\/et_pb_column][\/et_pb_row][et_pb_row column_structure=&#8221;1_2,1_2&#8243; _builder_version=&#8221;4.23.3&#8243; _module_preset=&#8221;default&#8221; global_colors_info=&#8221;{}&#8221;][et_pb_column type=&#8221;1_2&#8243; _builder_version=&#8221;4.23.3&#8243; _module_preset=&#8221;default&#8221; global_colors_info=&#8221;{}&#8221;][dipi_divider content_text=&#8221;Primo contatto&#8221; _builder_version=&#8221;4.23.3&#8243; _module_preset=&#8221;default&#8221; text_font_size_tablet=&#8221;&#8221; text_font_size_phone=&#8221;23px&#8221; text_font_size_last_edited=&#8221;on|phone&#8221; global_colors_info=&#8221;{}&#8221;][\/dipi_divider][et_pb_text _builder_version=&#8221;4.23.3&#8243; _module_preset=&#8221;default&#8221; global_colors_info=&#8221;{}&#8221;]<\/p>\n<p>Serena mi ha scritto una email e quando ho letto il suo messaggio non stavo nella pelle dalla gioia: la conoscevo online da qualche anno e avevo seguito il progredire della sua storia d\u2019amore con Patrick fino alla proposta fatta durante un week-end romantico. Avevo sperato di poterli supportare nel loro grande giorno, ma avevo sottovalutato quanto questo matrimonio si sarebbe rivelato complesso: <strong>Serena \u00e8 italiana ma Patrik olandese e io non parlo questa lingua<\/strong>! In pi\u00f9, da entrambe le parti ci sarebbero state persone provenienti da tutto il mondo &#8211; letteralmente &#8211; e le lingue parlate dagli ospiti erano tante. Ho cos\u00ec suggerito di incontrarci in una video chiamata, per discutere nel dettaglio le esigenze degli sposi e dare loro qualche suggerimento.<\/p>\n<p>[\/et_pb_text][\/et_pb_column][et_pb_column type=&#8221;1_2&#8243; _builder_version=&#8221;4.23.3&#8243; _module_preset=&#8221;default&#8221; global_colors_info=&#8221;{}&#8221;][dipi_divider content_text=&#8221;Call conoscitiva&#8221; items_alignment=&#8221;right&#8221; _builder_version=&#8221;4.23.3&#8243; _module_preset=&#8221;default&#8221; text_font_size_tablet=&#8221;&#8221; text_font_size_phone=&#8221;23px&#8221; text_font_size_last_edited=&#8221;on|phone&#8221; global_colors_info=&#8221;{}&#8221;][\/dipi_divider][et_pb_text _builder_version=&#8221;4.23.3&#8243; _module_preset=&#8221;default&#8221; global_colors_info=&#8221;{}&#8221;]<\/p>\n<p>In vista dell&rsquo;incontro virtuale con Serena e la sua wedding planner, mi ero preparata una lista di domande e di soluzioni basate sulle informazioni che avevano condiviso con me, in modo da rendere il confronto maggiormente proficuo. In questa occasione ho cercato di capire quali fossero gli obiettivi e le priorit&agrave; della coppia e soprattutto di valutare se fossi la professionista giusta per affiancarli o se fosse meglio suggerire una collega. Siamo riusciti cos&igrave; a definire che <strong>la lingua ufficiale dell&rsquo;evento sarebbe stata l&rsquo;inglese<\/strong>, per far s&igrave; che la maggior parte dei presenti fosse coinvolta; per non lasciare nessuno escluso per&ograve;, ho proposto di puntare sulla <strong>traduzione in italiano e in olandese dei libretti della cerimonia<\/strong>, in modo che tutti gli ospiti potessero seguire la celebrazione nella loro lingua preferita. Questa soluzione &egrave; piaciuta molto a Serena e ha ricevuto l&#8217;approvazione anche della wedding planner.<\/p>\n<p>[\/et_pb_text][\/et_pb_column][\/et_pb_row][et_pb_row custom_padding_last_edited=&#8221;off|desktop&#8221; _builder_version=&#8221;4.23.3&#8243; _module_preset=&#8221;default&#8221; custom_padding=&#8221;0px||||false|false&#8221; global_colors_info=&#8221;{}&#8221;][et_pb_column type=&#8221;4_4&#8243; _builder_version=&#8221;4.23.3&#8243; _module_preset=&#8221;default&#8221; global_colors_info=&#8221;{}&#8221;][dipi_divider content_text=&#8221;Mi metto all&#8217;opera&#8221; _builder_version=&#8221;4.23.3&#8243; _module_preset=&#8221;default&#8221; custom_margin=&#8221;||0px||false|false&#8221; custom_padding=&#8221;||0px||false|false&#8221; text_font_size_tablet=&#8221;&#8221; text_font_size_phone=&#8221;23px&#8221; text_font_size_last_edited=&#8221;on|phone&#8221; global_colors_info=&#8221;{}&#8221;][\/dipi_divider][et_pb_text _builder_version=&#8221;4.23.3&#8243; _module_preset=&#8221;default&#8221; global_colors_info=&#8221;{}&#8221;]<\/p>\n<p>Dopo aver definito i dettagli della cerimonia, ho iniziato ad occuparmi di contattare il comune che avrebbe celebrato il matrimonio e la grafica che avrebbe impaginato i libretti, i menu e i tag: insieme a loro abbiamo stabilito una timeline con scadenze da rispettare da entrambe le parti per poter lavorare con i giusti tempi e scongiurare imprevisti. Ho raccolto e tradotto poi i discorsi dei testimoni e le promesse degli sposi e li ho consegnati alla grafica per essere inclusi nel libretto. Come sempre prima di un incarico di interpretariato, mi sono dedicata alle simulazioni di contesti simili, recitando la parte di celebrazione scritta da Serena e traducendo a voce le formule della cerimonia.<\/p>\n<p>[\/et_pb_text][\/et_pb_column][\/et_pb_row][\/et_pb_section][et_pb_section fb_built=&#8221;1&#8243; _builder_version=&#8221;4.27.4&#8243; _module_preset=&#8221;default&#8221; background_color=&#8221;#FFFFFF&#8221; background_enable_video_mp4=&#8221;off&#8221; custom_padding=&#8221;18px||18px||true|false&#8221; hover_enabled=&#8221;0&#8243; global_colors_info=&#8221;{}&#8221; sticky_enabled=&#8221;0&#8243;][et_pb_row _builder_version=&#8221;4.23.3&#8243; _module_preset=&#8221;default&#8221; global_colors_info=&#8221;{}&#8221;][et_pb_column type=&#8221;4_4&#8243; _builder_version=&#8221;4.23.3&#8243; _module_preset=&#8221;default&#8221; global_colors_info=&#8221;{}&#8221;][et_pb_text _builder_version=&#8221;4.23.3&#8243; _module_preset=&#8221;default&#8221; text_font=&#8221;||||||||&#8221; header_text_align=&#8221;center&#8221; header_2_text_align=&#8221;center&#8221; header_2_font_size_tablet=&#8221;&#8221; header_2_font_size_phone=&#8221;26px&#8221; header_2_font_size_last_edited=&#8221;on|phone&#8221; global_colors_info=&#8221;{}&#8221;]<\/p>\n<h2>I servizi scelti da Serena e Patrick<\/h2>\n<p>[\/et_pb_text][\/et_pb_column][\/et_pb_row][et_pb_row _builder_version=&#8221;4.23.3&#8243; _module_preset=&#8221;default&#8221; custom_padding=&#8221;0px||||false|false&#8221; global_colors_info=&#8221;{}&#8221;][et_pb_column type=&#8221;4_4&#8243; _builder_version=&#8221;4.23.3&#8243; _module_preset=&#8221;default&#8221; global_colors_info=&#8221;{}&#8221;][dipi_divider content_text=&#8221;Interpretariato di cerimonia di matrimonio tra italiano e inglese&#8221; hide_first_element=&#8221;on&#8221; hide_second_element=&#8221;on&#8221; first_decoration_line_color=&#8221;#3F4955&#8243; content_padding=&#8221;|||0px|false|false&#8221; first_decoration_padding=&#8221;|||0px|false|false&#8221; _builder_version=&#8221;4.23.3&#8243; _module_preset=&#8221;default&#8221; text_text_align=&#8221;center&#8221; custom_margin=&#8221;||0px||false|false&#8221; custom_padding=&#8221;||0px||false|false&#8221; text_font_size_tablet=&#8221;&#8221; text_font_size_phone=&#8221;23px&#8221; text_font_size_last_edited=&#8221;on|phone&#8221; global_colors_info=&#8221;{}&#8221;][\/dipi_divider][et_pb_text _builder_version=&#8221;4.23.3&#8243; _module_preset=&#8221;default&#8221; global_colors_info=&#8221;{}&#8221;]<\/p>\n<p>Per il matrimonio italo-olandese di Serena e Patrick mi sono occupata <strong>dell\u2019interpretariato italiano-inglese durante la cerimonia<\/strong>: ho tradotte dall\u2019italiano all\u2019inglese le formule recitate dal sindaco e ho reso in italiano le risposte di Serena e Patrick, in modo da ufficializzare la loro unione.<\/p>\n<p>[\/et_pb_text][\/et_pb_column][\/et_pb_row][et_pb_row _builder_version=&#8221;4.23.3&#8243; _module_preset=&#8221;default&#8221; custom_padding=&#8221;0px||||false|false&#8221; global_colors_info=&#8221;{}&#8221;][et_pb_column type=&#8221;4_4&#8243; _builder_version=&#8221;4.23.3&#8243; _module_preset=&#8221;default&#8221; global_colors_info=&#8221;{}&#8221;][dipi_divider content_text=&#8221;Celebrazione di matrimonio in inglese&#8221; hide_first_element=&#8221;on&#8221; hide_second_element=&#8221;on&#8221; first_decoration_line_color=&#8221;#3F4955&#8243; content_padding=&#8221;|||0px|false|false&#8221; first_decoration_padding=&#8221;|||0px|false|false&#8221; _builder_version=&#8221;4.23.3&#8243; _module_preset=&#8221;default&#8221; text_text_align=&#8221;center&#8221; custom_margin=&#8221;||0px||false|false&#8221; custom_padding=&#8221;||0px||false|false&#8221; text_font_size_tablet=&#8221;&#8221; text_font_size_phone=&#8221;23px&#8221; text_font_size_last_edited=&#8221;on|phone&#8221; global_colors_info=&#8221;{}&#8221;][\/dipi_divider][et_pb_text _builder_version=&#8221;4.23.3&#8243; _module_preset=&#8221;default&#8221; global_colors_info=&#8221;{}&#8221;]<\/p>\n<p>Mi sono occupata anche della <strong>recitazione di parte della celebrazione in inglese<\/strong>: Serena si \u00e8 dedicata alla scrittura del testo della cerimonia in inglese, io l\u2019ho revisionato e adattato italiano e olandese, con l\u2019aiuto di una collega madrelingua. Il giorno del matrimonio ho quindi letto il discorso iniziale per lasciare poi spazio alla celebrazione ufficiale ad opera del sindaco.<\/p>\n<p>[\/et_pb_text][\/et_pb_column][\/et_pb_row][et_pb_row _builder_version=&#8221;4.23.3&#8243; _module_preset=&#8221;default&#8221; custom_padding=&#8221;13px|||||&#8221; global_colors_info=&#8221;{}&#8221;][et_pb_column type=&#8221;4_4&#8243; _builder_version=&#8221;4.23.3&#8243; _module_preset=&#8221;default&#8221; global_colors_info=&#8221;{}&#8221;][dipi_divider content_text=&#8221;Traduzione e revisione di materiale per matrimonio tra italiano, inglese e olandese&#8221; hide_first_element=&#8221;on&#8221; hide_second_element=&#8221;on&#8221; first_decoration_line_color=&#8221;#3F4955&#8243; content_padding=&#8221;|||0px|false|false&#8221; first_decoration_padding=&#8221;|||0px|false|false&#8221; _builder_version=&#8221;4.23.3&#8243; _module_preset=&#8221;default&#8221; text_text_align=&#8221;center&#8221; custom_margin=&#8221;||0px||false|false&#8221; custom_padding=&#8221;||0px||false|false&#8221; text_font_size_tablet=&#8221;&#8221; text_font_size_phone=&#8221;23px&#8221; text_font_size_last_edited=&#8221;on|phone&#8221; global_colors_info=&#8221;{}&#8221;][\/dipi_divider][et_pb_text _builder_version=&#8221;4.23.3&#8243; _module_preset=&#8221;default&#8221; global_colors_info=&#8221;{}&#8221;]<\/p>\n<p>In vista del matrimonio, ho tradotto tutto il materiale a supporto dell&rsquo;evento: il libretto della cerimonia, il menu, i tag da anteporre alla tavola dei dessert. Mi sono occupata della <strong>traduzione in italiano del materiale redatto in inglese, mentre la traduzione in inglese e olandese del materiale scritto in italiano<\/strong> &egrave; stata a opera di colleghi madrelingua che hanno collaborato a questo progetto, e che ho revisionato prima di mandarli alla grafica per la stampa finale.<\/p>\n<p>[\/et_pb_text][et_pb_text _builder_version=&#8221;4.23.3&#8243; _module_preset=&#8221;default&#8221; text_font=&#8221;Gratitude F||||||||&#8221; text_font_size=&#8221;50px&#8221; text_orientation=&#8221;center&#8221; text_line_height_tablet=&#8221;1em&#8221; text_line_height_phone=&#8221;1em&#8221; text_line_height_last_edited=&#8221;on|tablet&#8221; global_colors_info=&#8221;{}&#8221;]<\/p>\n<p>Sogni un matrimonio in Italia?<\/p>\n<p>[\/et_pb_text][et_pb_button button_url=&#8221;@ET-DC@eyJkeW5hbWljIjp0cnVlLCJjb250ZW50IjoicG9zdF9saW5rX3VybF9wYWdlIiwic2V0dGluZ3MiOnsicG9zdF9pZCI6IjI1OTU3MzMwIn19@&#8221; button_text=&#8221;Ti faccio da interprete&#8221; button_alignment=&#8221;center&#8221; _builder_version=&#8221;4.27.4&#8243; _dynamic_attributes=&#8221;button_url&#8221; _module_preset=&#8221;default&#8221; custom_margin=&#8221;0px||||false|false&#8221; global_colors_info=&#8221;{}&#8221;][\/et_pb_button][\/et_pb_column][\/et_pb_row][\/et_pb_section][et_pb_section fb_built=&#8221;1&#8243; _builder_version=&#8221;4.23.3&#8243; _module_preset=&#8221;default&#8221; background_color=&#8221;#f1f3f3&#8243; background_enable_image=&#8221;off&#8221; custom_padding=&#8221;37px||38px|||&#8221; global_colors_info=&#8221;{}&#8221;][et_pb_row _builder_version=&#8221;4.23.3&#8243; _module_preset=&#8221;default&#8221; global_colors_info=&#8221;{}&#8221;][et_pb_column type=&#8221;4_4&#8243; _builder_version=&#8221;4.23.3&#8243; _module_preset=&#8221;default&#8221; global_colors_info=&#8221;{}&#8221;][et_pb_text _builder_version=&#8221;4.23.3&#8243; _module_preset=&#8221;default&#8221; text_font=&#8221;||||||||&#8221; header_text_align=&#8221;center&#8221; header_2_text_align=&#8221;center&#8221; header_2_font_size_tablet=&#8221;&#8221; header_2_font_size_phone=&#8221;26px&#8221; header_2_font_size_last_edited=&#8221;on|phone&#8221; global_colors_info=&#8221;{}&#8221;]<\/p>\n<h2>Curiosit\u00e0<\/h2>\n<p>[\/et_pb_text][et_pb_text _builder_version=&#8221;4.23.3&#8243; _module_preset=&#8221;default&#8221; global_colors_info=&#8221;{}&#8221;]<\/p>\n<p>Per caso un mese e mezzo prima del matrimonio di Serena e Patrick mi sono trovata ad Amsterdam per lavoro e ci siamo organizzati per incontrarci di persona prima del grande giorno. \u00c8 stato un\u2019occasione preziosa per instaurare un legame un po\u2019 pi\u00f9 personale e poter conoscere meglio la coppia che avrei dovuto accompagnare qualche settimana dopo al s\u00ec.<\/p>\n<p>[\/et_pb_text][\/et_pb_column][\/et_pb_row][\/et_pb_section][et_pb_section fb_built=&#8221;1&#8243; _builder_version=&#8221;4.23.3&#8243; _module_preset=&#8221;default&#8221; background_color=&#8221;#FFFFFF&#8221; background_enable_image=&#8221;off&#8221; custom_padding=&#8221;37px||38px|||&#8221; global_colors_info=&#8221;{}&#8221;][et_pb_row _builder_version=&#8221;4.23.3&#8243; _module_preset=&#8221;default&#8221; global_colors_info=&#8221;{}&#8221;][et_pb_column type=&#8221;4_4&#8243; _builder_version=&#8221;4.23.3&#8243; _module_preset=&#8221;default&#8221; global_colors_info=&#8221;{}&#8221;][et_pb_text _builder_version=&#8221;4.23.3&#8243; _module_preset=&#8221;default&#8221; text_font=&#8221;||||||||&#8221; header_text_align=&#8221;center&#8221; header_2_text_align=&#8221;center&#8221; header_2_font_size_tablet=&#8221;&#8221; header_2_font_size_phone=&#8221;26px&#8221; header_2_font_size_last_edited=&#8221;on|phone&#8221; global_colors_info=&#8221;{}&#8221;]<\/p>\n<h2>Le difficolt\u00e0<\/h2>\n<p>[\/et_pb_text][et_pb_text _builder_version=&#8221;4.23.3&#8243; _module_preset=&#8221;default&#8221; global_colors_info=&#8221;{}&#8221;]<\/p>\n<p>Le difficolt\u00e0 di questo incarico sono state date dalle tempistiche ristrette e dalla complessit\u00e0 dell\u2019evento: gestire infatti un matrimonio con tre lingue ufficiali, nelle quali dover produrre e tradurre materiale multilingue, richiede tempo e concentrazione. Serena e Patrick si sono sposati a maggio e in fase di progettazione abbiamo dovuto tenere conto delle numerose festivit\u00e0 italiane che avrebbero rallentato i nostri lavori, tra cui Pasqua, il 25 aprile e il 1\u00b0 maggio: molte attivit\u00e0 chiudono e fanno ponte in questo periodo, motivo per il quale abbiamo dovuto rimuovere un paio di settimane dalla nostra tabella di marcia, anticipando la consegna delle traduzioni per avere tempo di controllare l\u2019impaginazione grafica e di stampare e mantenere un po\u2019 di margine sulla data del matrimonio. <\/p>\n<p>[\/et_pb_text][\/et_pb_column][\/et_pb_row][\/et_pb_section][et_pb_section fb_built=&#8221;1&#8243; _builder_version=&#8221;4.23.3&#8243; _module_preset=&#8221;default&#8221; background_color=&#8221;#F1F3F3&#8243; global_colors_info=&#8221;{}&#8221;][et_pb_row _builder_version=&#8221;4.23.3&#8243; _module_preset=&#8221;default&#8221; global_colors_info=&#8221;{}&#8221;][et_pb_column type=&#8221;4_4&#8243; _builder_version=&#8221;4.23.3&#8243; _module_preset=&#8221;default&#8221; global_colors_info=&#8221;{}&#8221;][et_pb_text _builder_version=&#8221;4.23.3&#8243; _module_preset=&#8221;default&#8221; text_font=&#8221;||||||||&#8221; header_text_align=&#8221;center&#8221; header_2_text_align=&#8221;center&#8221; header_2_font_size_tablet=&#8221;&#8221; header_2_font_size_phone=&#8221;26px&#8221; header_2_font_size_last_edited=&#8221;on|phone&#8221; global_colors_info=&#8221;{}&#8221;]<\/p>\n<h2>I risultati ottenuti<\/h2>\n<p>[\/et_pb_text][\/et_pb_column][\/et_pb_row][et_pb_row _builder_version=&#8221;4.23.3&#8243; _module_preset=&#8221;default&#8221; global_colors_info=&#8221;{}&#8221;][et_pb_column type=&#8221;4_4&#8243; _builder_version=&#8221;4.23.3&#8243; _module_preset=&#8221;default&#8221; global_colors_info=&#8221;{}&#8221;][et_pb_blurb use_icon=&#8221;on&#8221; font_icon=&#8221;&#x39;||divi||400&#8243; icon_color=&#8221;#788a8a&#8221; icon_placement=&#8221;left&#8221; image_icon_width=&#8221;26px&#8221; content_max_width=&#8221;100%&#8221; _builder_version=&#8221;4.23.3&#8243; _module_preset=&#8221;default&#8221; custom_margin=&#8221;||5px||false|false&#8221; custom_padding=&#8221;||0px||false|false&#8221; global_colors_info=&#8221;{}&#8221;]<\/p>\n<p><strong>Matrimonio inclusivo e coinvolgente<\/strong> per ospiti di lingue diverse.<\/p>\n<p>[\/et_pb_blurb][et_pb_blurb use_icon=&#8221;on&#8221; font_icon=&#8221;&#x39;||divi||400&#8243; icon_color=&#8221;#788a8a&#8221; icon_placement=&#8221;left&#8221; image_icon_width=&#8221;26px&#8221; content_max_width=&#8221;100%&#8221; _builder_version=&#8221;4.23.3&#8243; _module_preset=&#8221;default&#8221; custom_margin=&#8221;||5px||false|false&#8221; custom_padding=&#8221;||0px||false|false&#8221; global_colors_info=&#8221;{}&#8221;]<\/p>\n<p>Celebrazione in inglese con supporto cartaceo multilingue.<\/p>\n<p>[\/et_pb_blurb][et_pb_blurb use_icon=&#8221;on&#8221; font_icon=&#8221;&#x39;||divi||400&#8243; icon_color=&#8221;#788a8a&#8221; icon_placement=&#8221;left&#8221; image_icon_width=&#8221;26px&#8221; content_max_width=&#8221;100%&#8221; _builder_version=&#8221;4.23.3&#8243; _module_preset=&#8221;default&#8221; custom_margin=&#8221;||5px||false|false&#8221; custom_padding=&#8221;||0px||false|false&#8221; global_colors_info=&#8221;{}&#8221;]<\/p>\n<p><b>Evento internazionale senza barriere linguistiche.<\/b><\/p>\n<p>[\/et_pb_blurb][\/et_pb_column][\/et_pb_row][\/et_pb_section][et_pb_section fb_built=&#8221;1&#8243; _builder_version=&#8221;4.23.3&#8243; _module_preset=&#8221;default&#8221; background_color=&#8221;#FFFFFF&#8221; global_colors_info=&#8221;{}&#8221;][et_pb_row _builder_version=&#8221;4.23.3&#8243; _module_preset=&#8221;default&#8221; global_colors_info=&#8221;{}&#8221;][et_pb_column type=&#8221;4_4&#8243; _builder_version=&#8221;4.23.3&#8243; _module_preset=&#8221;default&#8221; global_colors_info=&#8221;{}&#8221;][et_pb_text _builder_version=&#8221;4.27.4&#8243; _module_preset=&#8221;default&#8221; text_font=&#8221;||||||||&#8221; header_text_align=&#8221;center&#8221; header_2_text_align=&#8221;center&#8221; header_2_font_size_tablet=&#8221;&#8221; header_2_font_size_phone=&#8221;26px&#8221; header_2_font_size_last_edited=&#8221;on|phone&#8221; global_colors_info=&#8221;{}&#8221;]<\/p>\n<h2>Le parole della cliente<\/h2>\n<p>[\/et_pb_text][et_pb_testimonial author=&#8221;Serena Giust, sposa&#8221; _builder_version=&#8221;4.23.3&#8243; _module_preset=&#8221;default&#8221; author_font=&#8221;|700|on||||||&#8221; author_text_align=&#8221;center&#8221; background_color=&#8221;RGBA(255,255,255,0)&#8221; border_width_all=&#8221;3px&#8221; border_color_all=&#8221;#57696B&#8221; global_colors_info=&#8221;{}&#8221;]<\/p>\n<p><em>Francesca \u00e8 stata l&#8217;interprete del nostro matrimonio, ma non solo! \u00c8 stata una figura importante durante tutti i preparativi: si \u00e8 occupata di raccogliere e tradurre le nostre promesse e i discorsi dei testimoni, ha coordinato la stampa del libretto con la grafica. Durante la celebrazione del matrimonio ha tradotto la parte formale, ma ha anche accompagnato tutta la cerimonia con belle parole per noi e per gli ospiti.<\/em><\/p>\n<p>[\/et_pb_testimonial][et_pb_text _builder_version=&#8221;4.23.3&#8243; _module_preset=&#8221;default&#8221; text_font=&#8221;Gratitude F||||||||&#8221; text_font_size=&#8221;62px&#8221; positioning=&#8221;relative&#8221; position_origin_r=&#8221;bottom_right&#8221; vertical_offset=&#8221;45px&#8221; horizontal_offset=&#8221;-26px&#8221; text_orientation=&#8221;right&#8221; global_colors_info=&#8221;{}&#8221;]<\/p>\n<p>Grazie!<\/p>\n<p>[\/et_pb_text][\/et_pb_column][\/et_pb_row][\/et_pb_section][et_pb_section fb_built=&#8221;1&#8243; _builder_version=&#8221;4.23.3&#8243; _module_preset=&#8221;default&#8221; background_color=&#8221;#3F4955&#8243; custom_padding=&#8221;||48px|||&#8221; global_colors_info=&#8221;{}&#8221;][et_pb_row _builder_version=&#8221;4.23.3&#8243; _module_preset=&#8221;default&#8221; global_colors_info=&#8221;{}&#8221;][et_pb_column type=&#8221;4_4&#8243; _builder_version=&#8221;4.23.3&#8243; _module_preset=&#8221;default&#8221; global_colors_info=&#8221;{}&#8221;][et_pb_text _builder_version=&#8221;4.23.3&#8243; _module_preset=&#8221;default&#8221; text_text_color=&#8221;#FFFFFF&#8221; global_colors_info=&#8221;{}&#8221;]<\/p>\n<p>Scrivimi per riservare il tuo servizio di interpretariato di matrimonio!<br \/>Se hai deciso che l\u2019Italia sar\u00e0 la cornice del tuo grande giorno, ma tu o la tua dolce met\u00e0 non parlate la lingua, per avere la tua unione riconosciuta legalmente nel tuo paese affidati a un\u2019interprete professionista specializzata in matrimoni. Ma non un\u2019interprete a caso: me.<\/p>\n<p>Compila il modulo di contatto con tutte le informazioni richieste e riceverai la mia proposta di collaborazione entro 48 ore.<\/p>\n<p>[\/et_pb_text][et_pb_button button_url=&#8221;@ET-DC@eyJkeW5hbWljIjp0cnVlLCJjb250ZW50IjoicG9zdF9saW5rX3VybF9wYWdlIiwic2V0dGluZ3MiOnsicG9zdF9pZCI6IjI1OTU3MzMwIn19@&#8221; button_text=&#8221;Scrivimi&#8221; button_alignment=&#8221;center&#8221; _builder_version=&#8221;4.23.3&#8243; _dynamic_attributes=&#8221;button_url&#8221; _module_preset=&#8221;default&#8221; global_colors_info=&#8221;{}&#8221;][\/et_pb_button][\/et_pb_column][\/et_pb_row][\/et_pb_section][et_pb_section fb_built=&#8221;1&#8243; _builder_version=&#8221;4.23.3&#8243; _module_preset=&#8221;default&#8221; global_colors_info=&#8221;{}&#8221;][et_pb_row _builder_version=&#8221;4.23.3&#8243; _module_preset=&#8221;default&#8221; global_colors_info=&#8221;{}&#8221;][et_pb_column type=&#8221;4_4&#8243; _builder_version=&#8221;4.23.3&#8243; _module_preset=&#8221;default&#8221; global_colors_info=&#8221;{}&#8221;][et_pb_text _builder_version=&#8221;4.23.3&#8243; _module_preset=&#8221;default&#8221; text_font=&#8221;||||||||&#8221; header_text_align=&#8221;center&#8221; header_2_text_align=&#8221;center&#8221; header_2_font_size_tablet=&#8221;&#8221; header_2_font_size_phone=&#8221;26px&#8221; header_2_font_size_last_edited=&#8221;on|phone&#8221; global_colors_info=&#8221;{}&#8221;]<\/p>\n<h2>Altri servizi di cui potresti avere bisogno<\/h2>\n<p>[\/et_pb_text][et_pb_text _builder_version=&#8221;4.23.3&#8243; _module_preset=&#8221;default&#8221; custom_margin=&#8221;||8px|||&#8221; global_colors_info=&#8221;{}&#8221;]<\/p>\n<ul>\n<li><strong>Interpretariato di matrimonio con i fornitori<\/strong>: quando ci si sposa in un paese e non si conosce la lingua del luogo, \u00e8 necessario un supporto linguistico per poter comunicare con i fornitori, spiegare loro i propri desideri e comprendere le loro proposte. Posso affiancarti nei tuoi incontri con i professionisti italiani come interprete e aiutarti a realizzare il matrimonio dei tuoi sogni.<\/li>\n<\/ul>\n<p>[\/et_pb_text][et_pb_button button_url=&#8221;@ET-DC@eyJkeW5hbWljIjp0cnVlLCJjb250ZW50IjoicG9zdF9saW5rX3VybF9wYWdlIiwic2V0dGluZ3MiOnsicG9zdF9pZCI6IjIyOTg5MCJ9fQ==@&#8221; button_text=&#8221;Scoprili tutti&#8221; button_alignment=&#8221;center&#8221; _builder_version=&#8221;4.27.4&#8243; _dynamic_attributes=&#8221;button_url&#8221; _module_preset=&#8221;default&#8221; locked=&#8221;off&#8221; global_colors_info=&#8221;{}&#8221;][\/et_pb_button][\/et_pb_column][\/et_pb_row][\/et_pb_section]<\/p>\n","protected":false},"excerpt":{"rendered":"<p><div class=\"et_pb_module dipi_breadcrumbs dipi_breadcrumbs_0\">\n\t\t\t\t\n\t\t\t\t\n\t\t\t\t\n\t\t\t\t\n\t\t\t\t\n\t\t\t\t\n\t\t\t\t<div class=\"et_pb_module_inner\">\n\t\t\t\t\t<div class=\"dipi-breadcrumbs dipi-bc-center\">\n                <ul >\n                    \n                                                        <li  class=\"dipi-breadcrumb-item dipi-breadcrumb-home\">\n\n                                                    <a  href=\"https:\/\/www.punto-f.com\/it\/\">\n                                <span  content=\"Home\">\n                                    <span class=\"et-pb-icon dipi-home-icon\"><\/span>                                    Punto F                                <\/span>\n                            <\/a>\n\n                                                <meta itemprop=\"position\" content=\"1\"\/>                    <\/li>\n\n                    <li class=\"dipi-breadcrumb-separator\">\n                    <span class=\"et-pb-icon dipi-separator-icon\">&#x39;<\/span>\n                <\/li>                            \n                <\/ul>\n            <\/div>\n\t\t\t\t<\/div>\n\t\t\t<\/div>Quando l\u2019Italia incontra l\u2019Olanda, facendo il giro del mondoSerena era una mia follower e io una sua: ci seguivamo su Instagram e quando ho visto che si era fidanzata con Patrick, ho sognato per un attimo di [&hellip;]<\/p>\n","protected":false},"author":1,"featured_media":25959029,"comment_status":"closed","ping_status":"closed","template":"","meta":{"_et_pb_use_builder":"on","_et_pb_old_content":"","_et_gb_content_width":"","footnotes":""},"project_category":[80,131,126,98,136],"project_tag":[],"class_list":["post-25959012","project","type-project","status-publish","has-post-thumbnail","hentry","project_category-interpretariato-inglese-italiano","project_category-interpretariato-wedding","project_category-speciale-wedding","project_category-traduzione-inglese-italiano","project_category-traduzione-wedding"],"yoast_head":"<!-- This site is optimized with the Yoast SEO plugin v27.5 - https:\/\/yoast.com\/product\/yoast-seo-wordpress\/ -->\n<title>Interpretariato e traduzione di matrimonio multilingue italiano, inglese, olandese: da Serena e Patrick a The Petersons &#8226; Punto F<\/title>\n<meta name=\"robots\" content=\"index, follow, max-snippet:-1, max-image-preview:large, max-video-preview:-1\" \/>\n<link rel=\"canonical\" href=\"https:\/\/www.punto-f.com\/project\/wedding-interpreting-translation-italian-english-dutch\/\" \/>\n<meta property=\"og:locale\" content=\"it_IT\" \/>\n<meta property=\"og:type\" content=\"article\" \/>\n<meta property=\"og:title\" content=\"Interpretariato e traduzione di matrimonio multilingue italiano, inglese, olandese: da Serena e Patrick a The Petersons &#8226; Punto F\" \/>\n<meta property=\"og:description\" content=\"Quando l\u2019Italia incontra l\u2019Olanda, facendo il giro del mondoSerena era una mia follower e io una sua: ci seguivamo su Instagram e quando ho visto che si era fidanzata con Patrick, ho sognato per un attimo di [&hellip;]\" \/>\n<meta property=\"og:url\" content=\"https:\/\/www.punto-f.com\/project\/wedding-interpreting-translation-italian-english-dutch\/\" \/>\n<meta property=\"og:site_name\" content=\"Punto F\" \/>\n<meta property=\"article:publisher\" content=\"https:\/\/www.facebook.com\/Punto.F2\/\" \/>\n<meta property=\"article:modified_time\" content=\"2024-12-19T12:11:20+00:00\" \/>\n<meta property=\"og:image\" content=\"https:\/\/www.punto-f.com\/wp-content\/uploads\/2024\/09\/francesca-manicardi-interpretariato-petersons-2.jpg\" \/>\n\t<meta property=\"og:image:width\" content=\"800\" \/>\n\t<meta property=\"og:image:height\" content=\"534\" \/>\n\t<meta property=\"og:image:type\" content=\"image\/jpeg\" \/>\n<meta name=\"twitter:card\" content=\"summary_large_image\" \/>\n<meta name=\"twitter:label1\" content=\"Tempo di lettura stimato\" \/>\n\t<meta name=\"twitter:data1\" content=\"18 minuti\" \/>\n<script type=\"application\/ld+json\" class=\"yoast-schema-graph\">{\"@context\":\"https:\\\/\\\/schema.org\",\"@graph\":[{\"@type\":\"WebPage\",\"@id\":\"https:\\\/\\\/www.punto-f.com\\\/project\\\/wedding-interpreting-translation-italian-english-dutch\\\/\",\"url\":\"https:\\\/\\\/www.punto-f.com\\\/project\\\/wedding-interpreting-translation-italian-english-dutch\\\/\",\"name\":\"Interpretariato e traduzione di matrimonio multilingue italiano, inglese, olandese: da Serena e Patrick a The Petersons &#8226; Punto F\",\"isPartOf\":{\"@id\":\"https:\\\/\\\/www.punto-f.com\\\/it\\\/#website\"},\"primaryImageOfPage\":{\"@id\":\"https:\\\/\\\/www.punto-f.com\\\/project\\\/wedding-interpreting-translation-italian-english-dutch\\\/#primaryimage\"},\"image\":{\"@id\":\"https:\\\/\\\/www.punto-f.com\\\/project\\\/wedding-interpreting-translation-italian-english-dutch\\\/#primaryimage\"},\"thumbnailUrl\":\"https:\\\/\\\/www.punto-f.com\\\/wp-content\\\/uploads\\\/2024\\\/09\\\/francesca-manicardi-interpretariato-petersons-2.jpg\",\"datePublished\":\"2024-09-30T13:27:15+00:00\",\"dateModified\":\"2024-12-19T12:11:20+00:00\",\"breadcrumb\":{\"@id\":\"https:\\\/\\\/www.punto-f.com\\\/project\\\/wedding-interpreting-translation-italian-english-dutch\\\/#breadcrumb\"},\"inLanguage\":\"it-IT\",\"potentialAction\":[{\"@type\":\"ReadAction\",\"target\":[\"https:\\\/\\\/www.punto-f.com\\\/project\\\/wedding-interpreting-translation-italian-english-dutch\\\/\"]}]},{\"@type\":\"ImageObject\",\"inLanguage\":\"it-IT\",\"@id\":\"https:\\\/\\\/www.punto-f.com\\\/project\\\/wedding-interpreting-translation-italian-english-dutch\\\/#primaryimage\",\"url\":\"https:\\\/\\\/www.punto-f.com\\\/wp-content\\\/uploads\\\/2024\\\/09\\\/francesca-manicardi-interpretariato-petersons-2.jpg\",\"contentUrl\":\"https:\\\/\\\/www.punto-f.com\\\/wp-content\\\/uploads\\\/2024\\\/09\\\/francesca-manicardi-interpretariato-petersons-2.jpg\",\"width\":800,\"height\":534},{\"@type\":\"BreadcrumbList\",\"@id\":\"https:\\\/\\\/www.punto-f.com\\\/project\\\/wedding-interpreting-translation-italian-english-dutch\\\/#breadcrumb\",\"itemListElement\":[{\"@type\":\"ListItem\",\"position\":1,\"name\":\"Home\",\"item\":\"https:\\\/\\\/www.punto-f.com\\\/it\\\/\"},{\"@type\":\"ListItem\",\"position\":2,\"name\":\"Projects\",\"item\":\"https:\\\/\\\/www.punto-f.com\\\/project\\\/\"},{\"@type\":\"ListItem\",\"position\":3,\"name\":\"Interpretariato e traduzione di matrimonio multilingue italiano, inglese, olandese: da Serena e Patrick a The Petersons\"}]},{\"@type\":\"WebSite\",\"@id\":\"https:\\\/\\\/www.punto-f.com\\\/it\\\/#website\",\"url\":\"https:\\\/\\\/www.punto-f.com\\\/it\\\/\",\"name\":\"Punto F\",\"description\":\"Servizi di interpretariato e traduzione\",\"publisher\":{\"@id\":\"https:\\\/\\\/www.punto-f.com\\\/it\\\/#organization\"},\"alternateName\":\"Punto F di Francesca Manicardi\",\"potentialAction\":[{\"@type\":\"SearchAction\",\"target\":{\"@type\":\"EntryPoint\",\"urlTemplate\":\"https:\\\/\\\/www.punto-f.com\\\/it\\\/?s={search_term_string}\"},\"query-input\":{\"@type\":\"PropertyValueSpecification\",\"valueRequired\":true,\"valueName\":\"search_term_string\"}}],\"inLanguage\":\"it-IT\"},{\"@type\":\"Organization\",\"@id\":\"https:\\\/\\\/www.punto-f.com\\\/it\\\/#organization\",\"name\":\"Punto F\",\"alternateName\":\"Punto F di Francesca Manicardi\",\"url\":\"https:\\\/\\\/www.punto-f.com\\\/it\\\/\",\"logo\":{\"@type\":\"ImageObject\",\"inLanguage\":\"it-IT\",\"@id\":\"https:\\\/\\\/www.punto-f.com\\\/it\\\/#\\\/schema\\\/logo\\\/image\\\/\",\"url\":\"https:\\\/\\\/www.punto-f.com\\\/wp-content\\\/uploads\\\/2024\\\/07\\\/francesca-manicardi-portfolio.webp\",\"contentUrl\":\"https:\\\/\\\/www.punto-f.com\\\/wp-content\\\/uploads\\\/2024\\\/07\\\/francesca-manicardi-portfolio.webp\",\"width\":567,\"height\":850,\"caption\":\"Punto F\"},\"image\":{\"@id\":\"https:\\\/\\\/www.punto-f.com\\\/it\\\/#\\\/schema\\\/logo\\\/image\\\/\"},\"sameAs\":[\"https:\\\/\\\/www.facebook.com\\\/Punto.F2\\\/\",\"https:\\\/\\\/www.instagram.com\\\/punto_f\\\/\",\"https:\\\/\\\/it.linkedin.com\\\/in\\\/francescamanicardi\",\"https:\\\/\\\/it.pinterest.com\\\/punto_f\\\/\"]}]}<\/script>\n<!-- \/ Yoast SEO plugin. -->","yoast_head_json":{"title":"Interpretariato e traduzione di matrimonio multilingue italiano, inglese, olandese: da Serena e Patrick a The Petersons &#8226; Punto F","robots":{"index":"index","follow":"follow","max-snippet":"max-snippet:-1","max-image-preview":"max-image-preview:large","max-video-preview":"max-video-preview:-1"},"canonical":"https:\/\/www.punto-f.com\/project\/wedding-interpreting-translation-italian-english-dutch\/","og_locale":"it_IT","og_type":"article","og_title":"Interpretariato e traduzione di matrimonio multilingue italiano, inglese, olandese: da Serena e Patrick a The Petersons &#8226; Punto F","og_description":"Quando l\u2019Italia incontra l\u2019Olanda, facendo il giro del mondoSerena era una mia follower e io una sua: ci seguivamo su Instagram e quando ho visto che si era fidanzata con Patrick, ho sognato per un attimo di [&hellip;]","og_url":"https:\/\/www.punto-f.com\/project\/wedding-interpreting-translation-italian-english-dutch\/","og_site_name":"Punto F","article_publisher":"https:\/\/www.facebook.com\/Punto.F2\/","article_modified_time":"2024-12-19T12:11:20+00:00","og_image":[{"width":800,"height":534,"url":"https:\/\/www.punto-f.com\/wp-content\/uploads\/2024\/09\/francesca-manicardi-interpretariato-petersons-2.jpg","type":"image\/jpeg"}],"twitter_card":"summary_large_image","twitter_misc":{"Tempo di lettura stimato":"18 minuti"},"schema":{"@context":"https:\/\/schema.org","@graph":[{"@type":"WebPage","@id":"https:\/\/www.punto-f.com\/project\/wedding-interpreting-translation-italian-english-dutch\/","url":"https:\/\/www.punto-f.com\/project\/wedding-interpreting-translation-italian-english-dutch\/","name":"Interpretariato e traduzione di matrimonio multilingue italiano, inglese, olandese: da Serena e Patrick a The Petersons &#8226; Punto F","isPartOf":{"@id":"https:\/\/www.punto-f.com\/it\/#website"},"primaryImageOfPage":{"@id":"https:\/\/www.punto-f.com\/project\/wedding-interpreting-translation-italian-english-dutch\/#primaryimage"},"image":{"@id":"https:\/\/www.punto-f.com\/project\/wedding-interpreting-translation-italian-english-dutch\/#primaryimage"},"thumbnailUrl":"https:\/\/www.punto-f.com\/wp-content\/uploads\/2024\/09\/francesca-manicardi-interpretariato-petersons-2.jpg","datePublished":"2024-09-30T13:27:15+00:00","dateModified":"2024-12-19T12:11:20+00:00","breadcrumb":{"@id":"https:\/\/www.punto-f.com\/project\/wedding-interpreting-translation-italian-english-dutch\/#breadcrumb"},"inLanguage":"it-IT","potentialAction":[{"@type":"ReadAction","target":["https:\/\/www.punto-f.com\/project\/wedding-interpreting-translation-italian-english-dutch\/"]}]},{"@type":"ImageObject","inLanguage":"it-IT","@id":"https:\/\/www.punto-f.com\/project\/wedding-interpreting-translation-italian-english-dutch\/#primaryimage","url":"https:\/\/www.punto-f.com\/wp-content\/uploads\/2024\/09\/francesca-manicardi-interpretariato-petersons-2.jpg","contentUrl":"https:\/\/www.punto-f.com\/wp-content\/uploads\/2024\/09\/francesca-manicardi-interpretariato-petersons-2.jpg","width":800,"height":534},{"@type":"BreadcrumbList","@id":"https:\/\/www.punto-f.com\/project\/wedding-interpreting-translation-italian-english-dutch\/#breadcrumb","itemListElement":[{"@type":"ListItem","position":1,"name":"Home","item":"https:\/\/www.punto-f.com\/it\/"},{"@type":"ListItem","position":2,"name":"Projects","item":"https:\/\/www.punto-f.com\/project\/"},{"@type":"ListItem","position":3,"name":"Interpretariato e traduzione di matrimonio multilingue italiano, inglese, olandese: da Serena e Patrick a The Petersons"}]},{"@type":"WebSite","@id":"https:\/\/www.punto-f.com\/it\/#website","url":"https:\/\/www.punto-f.com\/it\/","name":"Punto F","description":"Servizi di interpretariato e traduzione","publisher":{"@id":"https:\/\/www.punto-f.com\/it\/#organization"},"alternateName":"Punto F di Francesca Manicardi","potentialAction":[{"@type":"SearchAction","target":{"@type":"EntryPoint","urlTemplate":"https:\/\/www.punto-f.com\/it\/?s={search_term_string}"},"query-input":{"@type":"PropertyValueSpecification","valueRequired":true,"valueName":"search_term_string"}}],"inLanguage":"it-IT"},{"@type":"Organization","@id":"https:\/\/www.punto-f.com\/it\/#organization","name":"Punto F","alternateName":"Punto F di Francesca Manicardi","url":"https:\/\/www.punto-f.com\/it\/","logo":{"@type":"ImageObject","inLanguage":"it-IT","@id":"https:\/\/www.punto-f.com\/it\/#\/schema\/logo\/image\/","url":"https:\/\/www.punto-f.com\/wp-content\/uploads\/2024\/07\/francesca-manicardi-portfolio.webp","contentUrl":"https:\/\/www.punto-f.com\/wp-content\/uploads\/2024\/07\/francesca-manicardi-portfolio.webp","width":567,"height":850,"caption":"Punto F"},"image":{"@id":"https:\/\/www.punto-f.com\/it\/#\/schema\/logo\/image\/"},"sameAs":["https:\/\/www.facebook.com\/Punto.F2\/","https:\/\/www.instagram.com\/punto_f\/","https:\/\/it.linkedin.com\/in\/francescamanicardi","https:\/\/it.pinterest.com\/punto_f\/"]}]}},"_links":{"self":[{"href":"https:\/\/www.punto-f.com\/it\/wp-json\/wp\/v2\/project\/25959012","targetHints":{"allow":["GET"]}}],"collection":[{"href":"https:\/\/www.punto-f.com\/it\/wp-json\/wp\/v2\/project"}],"about":[{"href":"https:\/\/www.punto-f.com\/it\/wp-json\/wp\/v2\/types\/project"}],"author":[{"embeddable":true,"href":"https:\/\/www.punto-f.com\/it\/wp-json\/wp\/v2\/users\/1"}],"replies":[{"embeddable":true,"href":"https:\/\/www.punto-f.com\/it\/wp-json\/wp\/v2\/comments?post=25959012"}],"version-history":[{"count":11,"href":"https:\/\/www.punto-f.com\/it\/wp-json\/wp\/v2\/project\/25959012\/revisions"}],"predecessor-version":[{"id":25960576,"href":"https:\/\/www.punto-f.com\/it\/wp-json\/wp\/v2\/project\/25959012\/revisions\/25960576"}],"wp:featuredmedia":[{"embeddable":true,"href":"https:\/\/www.punto-f.com\/it\/wp-json\/wp\/v2\/media\/25959029"}],"wp:attachment":[{"href":"https:\/\/www.punto-f.com\/it\/wp-json\/wp\/v2\/media?parent=25959012"}],"wp:term":[{"taxonomy":"project_category","embeddable":true,"href":"https:\/\/www.punto-f.com\/it\/wp-json\/wp\/v2\/project_category?post=25959012"},{"taxonomy":"project_tag","embeddable":true,"href":"https:\/\/www.punto-f.com\/it\/wp-json\/wp\/v2\/project_tag?post=25959012"}],"curies":[{"name":"wp","href":"https:\/\/api.w.org\/{rel}","templated":true}]}}